{"id":1058,"date":"2026-05-05T19:42:43","date_gmt":"2026-05-05T17:42:43","guid":{"rendered":"https:\/\/websclientesgerico.com\/godinez-legal\/?page_id=1058"},"modified":"2026-05-23T01:24:51","modified_gmt":"2026-05-22T23:24:51","slug":"articulos","status":"publish","type":"page","link":"https:\/\/websclientesgerico.com\/godinez-legal\/articulos\/","title":{"rendered":"Art\u00edculos"},"content":{"rendered":"\t\t<div data-elementor-type=\"wp-page\" data-elementor-id=\"1058\" class=\"elementor elementor-1058\" data-elementor-post-type=\"page\">\n\t\t\t\t<div class=\"elementor-element elementor-element-84932d6 e-flex e-con-boxed e-con e-parent\" data-id=\"84932d6\" data-element_type=\"container\" data-e-type=\"container\" data-settings=\"{&quot;background_background&quot;:&quot;classic&quot;}\">\n\t\t\t\t\t<div class=\"e-con-inner\">\n\t\t<div class=\"elementor-element elementor-element-e9c0277 e-con-full e-flex e-con e-child\" data-id=\"e9c0277\" data-element_type=\"container\" data-e-type=\"container\">\n\t\t<div class=\"elementor-element elementor-element-9bdd0b1 e-con-full e-flex e-con e-child\" data-id=\"9bdd0b1\" data-element_type=\"container\" data-e-type=\"container\">\n\t\t\t\t<div class=\"elementor-element elementor-element-5e1a8cb elementor-widget elementor-widget-image\" data-id=\"5e1a8cb\" data-element_type=\"widget\" data-e-type=\"widget\" data-widget_type=\"image.default\">\n\t\t\t\t\t\t\t\t\t\t\t\t\t\t\t<img fetchpriority=\"high\" decoding=\"async\" width=\"200\" height=\"280\" src=\"https:\/\/websclientesgerico.com\/godinez-legal\/wp-content\/uploads\/2026\/05\/Anuario2013.png\" class=\"attachment-full size-full wp-image-1098\" alt=\"\" \/>\t\t\t\t\t\t\t\t\t\t\t\t\t\t\t<\/div>\n\t\t\t\t<\/div>\n\t\t<div class=\"elementor-element elementor-element-b864e8e e-con-full e-flex e-con e-child\" data-id=\"b864e8e\" data-element_type=\"container\" data-e-type=\"container\">\n\t\t\t\t<div class=\"elementor-element elementor-element-791e76d elementor-widget elementor-widget-heading\" data-id=\"791e76d\" data-element_type=\"widget\" data-e-type=\"widget\" data-widget_type=\"heading.default\">\n\t\t\t\t\t<h2 class=\"elementor-heading-title elementor-size-default\">Anuario 2013<\/h2>\t\t\t\t<\/div>\n\t\t\t\t<div class=\"elementor-element elementor-element-1e9919f elementor-widget elementor-widget-text-editor\" data-id=\"1e9919f\" data-element_type=\"widget\" data-e-type=\"widget\" data-widget_type=\"text-editor.default\">\n\t\t\t\t\t\t\t\t\t<p>En <strong>God\u00ednez Legal<\/strong> estamos listos para ofrecerte la asesor\u00eda legal m\u00e1s especializada en Derecho Laboral y de la Seguridad Social. Si deseas m\u00e1s informaci\u00f3n o necesitas asistencia legal, completa el siguiente formulario y uno de nuestros expertos se pondr\u00e1 en contacto contigo.<\/p>\t\t\t\t\t\t\t\t<\/div>\n\t\t\t\t<div class=\"elementor-element elementor-element-2758a93 elementor-align-left elementor-widget elementor-widget-button\" data-id=\"2758a93\" data-element_type=\"widget\" data-e-type=\"widget\" data-widget_type=\"button.default\">\n\t\t\t\t\t\t\t\t\t\t<a class=\"elementor-button elementor-button-link elementor-size-sm\" href=\"https:\/\/websclientesgerico.com\/godinez-legal\/wp-content\/uploads\/2026\/05\/Archivo32.pdf\" target=\"_blank\">\n\t\t\t\t\t\t<span class=\"elementor-button-content-wrapper\">\n\t\t\t\t\t\t\t\t\t<span class=\"elementor-button-text\">Ver Art\u00edculo<\/span>\n\t\t\t\t\t<\/span>\n\t\t\t\t\t<\/a>\n\t\t\t\t\t\t\t\t<\/div>\n\t\t\t\t<\/div>\n\t\t\t\t<\/div>\n\t\t\t\t<div class=\"elementor-element elementor-element-540ed5d elementor-widget-divider--view-line elementor-widget elementor-widget-divider\" data-id=\"540ed5d\" data-element_type=\"widget\" data-e-type=\"widget\" data-widget_type=\"divider.default\">\n\t\t\t\t\t\t\t<div class=\"elementor-divider\">\n\t\t\t<span class=\"elementor-divider-separator\">\n\t\t\t\t\t\t<\/span>\n\t\t<\/div>\n\t\t\t\t\t\t<\/div>\n\t\t<div class=\"elementor-element elementor-element-f16c502 e-con-full e-flex e-con e-child\" data-id=\"f16c502\" data-element_type=\"container\" data-e-type=\"container\">\n\t\t<div class=\"elementor-element elementor-element-672caee e-con-full e-flex e-con e-child\" data-id=\"672caee\" data-element_type=\"container\" data-e-type=\"container\">\n\t\t\t\t<div class=\"elementor-element elementor-element-233448d elementor-widget elementor-widget-image\" data-id=\"233448d\" data-element_type=\"widget\" data-e-type=\"widget\" data-widget_type=\"image.default\">\n\t\t\t\t\t\t\t\t\t\t\t\t\t\t\t<img decoding=\"async\" width=\"200\" height=\"280\" src=\"https:\/\/websclientesgerico.com\/godinez-legal\/wp-content\/uploads\/2026\/05\/Anuario2015.png\" class=\"attachment-full size-full wp-image-1100\" alt=\"\" \/>\t\t\t\t\t\t\t\t\t\t\t\t\t\t\t<\/div>\n\t\t\t\t<\/div>\n\t\t<div class=\"elementor-element elementor-element-9e10c82 e-con-full e-flex e-con e-child\" data-id=\"9e10c82\" data-element_type=\"container\" data-e-type=\"container\">\n\t\t\t\t<div class=\"elementor-element elementor-element-527ca7c elementor-widget elementor-widget-heading\" data-id=\"527ca7c\" data-element_type=\"widget\" data-e-type=\"widget\" data-widget_type=\"heading.default\">\n\t\t\t\t\t<h2 class=\"elementor-heading-title elementor-size-default\">Anuario 2015. Legislaci\u00f3n Laboral Iberoamericana en el siglo XXI<\/h2>\t\t\t\t<\/div>\n\t\t\t\t<div class=\"elementor-element elementor-element-a1de639 elementor-widget elementor-widget-text-editor\" data-id=\"a1de639\" data-element_type=\"widget\" data-e-type=\"widget\" data-widget_type=\"text-editor.default\">\n\t\t\t\t\t\t\t\t\t<p>\u00abReforma legal y mercado de trabajo: en Costa Rica, El Salvador y Nicaragua (2015)\u201d, en \u00d3scar Hern\u00e1ndez \u00c1lvarez (Coordinador).\u00a0<b>Academia Iberoamericana de Derecho del Trabajo y de la Seguridad Social<\/b>. Anuario 2015. Legislaci\u00f3n Laboral Iberoamericana en el siglo XXI. Editorial Horizonte, Rep\u00fablica Bolivariana de Venezuela, 2016.<\/p>\t\t\t\t\t\t\t\t<\/div>\n\t\t\t\t<div class=\"elementor-element elementor-element-e590052 elementor-align-left elementor-widget elementor-widget-button\" data-id=\"e590052\" data-element_type=\"widget\" data-e-type=\"widget\" data-widget_type=\"button.default\">\n\t\t\t\t\t\t\t\t\t\t<a class=\"elementor-button elementor-button-link elementor-size-sm\" href=\"https:\/\/websclientesgerico.com\/godinez-legal\/wp-content\/uploads\/2026\/05\/Archivo33.pdf\" target=\"_blank\">\n\t\t\t\t\t\t<span class=\"elementor-button-content-wrapper\">\n\t\t\t\t\t\t\t\t\t<span class=\"elementor-button-text\">Ver Art\u00edculo<\/span>\n\t\t\t\t\t<\/span>\n\t\t\t\t\t<\/a>\n\t\t\t\t\t\t\t\t<\/div>\n\t\t\t\t<\/div>\n\t\t\t\t<\/div>\n\t\t\t\t<div class=\"elementor-element elementor-element-36895f3 elementor-widget-divider--view-line elementor-widget elementor-widget-divider\" data-id=\"36895f3\" data-element_type=\"widget\" data-e-type=\"widget\" data-widget_type=\"divider.default\">\n\t\t\t\t\t\t\t<div class=\"elementor-divider\">\n\t\t\t<span class=\"elementor-divider-separator\">\n\t\t\t\t\t\t<\/span>\n\t\t<\/div>\n\t\t\t\t\t\t<\/div>\n\t\t<div class=\"elementor-element elementor-element-5d1cda0 e-con-full e-flex e-con e-child\" data-id=\"5d1cda0\" data-element_type=\"container\" data-e-type=\"container\">\n\t\t<div class=\"elementor-element elementor-element-0168c79 e-con-full e-flex e-con e-child\" data-id=\"0168c79\" data-element_type=\"container\" data-e-type=\"container\">\n\t\t\t\t<div class=\"elementor-element elementor-element-68b9d67 elementor-widget elementor-widget-image\" data-id=\"68b9d67\" data-element_type=\"widget\" data-e-type=\"widget\" data-widget_type=\"image.default\">\n\t\t\t\t\t\t\t\t\t\t\t\t\t\t\t<img decoding=\"async\" width=\"200\" height=\"280\" src=\"https:\/\/websclientesgerico.com\/godinez-legal\/wp-content\/uploads\/2026\/05\/SeguridadSocial.png\" class=\"attachment-full size-full wp-image-1101\" alt=\"\" \/>\t\t\t\t\t\t\t\t\t\t\t\t\t\t\t<\/div>\n\t\t\t\t<\/div>\n\t\t<div class=\"elementor-element elementor-element-d8b5cee e-con-full e-flex e-con e-child\" data-id=\"d8b5cee\" data-element_type=\"container\" data-e-type=\"container\">\n\t\t\t\t<div class=\"elementor-element elementor-element-b6290a7 elementor-widget elementor-widget-heading\" data-id=\"b6290a7\" data-element_type=\"widget\" data-e-type=\"widget\" data-widget_type=\"heading.default\">\n\t\t\t\t\t<h2 class=\"elementor-heading-title elementor-size-default\">Nuevos Principios de la Seguridad Social para el Siglo XXI<\/h2>\t\t\t\t<\/div>\n\t\t\t\t<div class=\"elementor-element elementor-element-c67f1b7 elementor-widget elementor-widget-text-editor\" data-id=\"c67f1b7\" data-element_type=\"widget\" data-e-type=\"widget\" data-widget_type=\"text-editor.default\">\n\t\t\t\t\t\t\t\t\t<p>\u201cPrincipio de dignidad de la persona y Seguridad Social en Costa Rica\u201d, en Martha Elissa Monsalve Cuellar (Coordinadora).\u00a0<b>Instituto Latinoamericano de Derecho del Trabajo y de la Seguridad Social<\/b>. Nuevos Principios de la Seguridad Social para el Siglo XXI.. Organizaci\u00f3n Iberoamericana de Seguridad Social, Bogot\u00e1, 2016.<\/p>\t\t\t\t\t\t\t\t<\/div>\n\t\t\t\t<div class=\"elementor-element elementor-element-ea8bf95 elementor-align-left elementor-widget elementor-widget-button\" data-id=\"ea8bf95\" data-element_type=\"widget\" data-e-type=\"widget\" data-widget_type=\"button.default\">\n\t\t\t\t\t\t\t\t\t\t<a class=\"elementor-button elementor-button-link elementor-size-sm\" href=\"https:\/\/websclientesgerico.com\/godinez-legal\/wp-content\/uploads\/2026\/05\/Archivo34.pdf\" target=\"_blank\">\n\t\t\t\t\t\t<span class=\"elementor-button-content-wrapper\">\n\t\t\t\t\t\t\t\t\t<span class=\"elementor-button-text\">Ver Art\u00edculo<\/span>\n\t\t\t\t\t<\/span>\n\t\t\t\t\t<\/a>\n\t\t\t\t\t\t\t\t<\/div>\n\t\t\t\t<\/div>\n\t\t\t\t<\/div>\n\t\t\t\t<div class=\"elementor-element elementor-element-c054823 elementor-widget-divider--view-line elementor-widget elementor-widget-divider\" data-id=\"c054823\" data-element_type=\"widget\" data-e-type=\"widget\" data-widget_type=\"divider.default\">\n\t\t\t\t\t\t\t<div class=\"elementor-divider\">\n\t\t\t<span class=\"elementor-divider-separator\">\n\t\t\t\t\t\t<\/span>\n\t\t<\/div>\n\t\t\t\t\t\t<\/div>\n\t\t<div class=\"elementor-element elementor-element-43e4a49 e-con-full e-flex e-con e-child\" data-id=\"43e4a49\" data-element_type=\"container\" data-e-type=\"container\">\n\t\t<div class=\"elementor-element elementor-element-8f3675f e-con-full e-flex e-con e-child\" data-id=\"8f3675f\" data-element_type=\"container\" data-e-type=\"container\">\n\t\t\t\t<div class=\"elementor-element elementor-element-a586f4c elementor-widget elementor-widget-image\" data-id=\"a586f4c\" data-element_type=\"widget\" data-e-type=\"widget\" data-widget_type=\"image.default\">\n\t\t\t\t\t\t\t\t\t\t\t\t\t\t\t<img loading=\"lazy\" decoding=\"async\" width=\"200\" height=\"280\" src=\"https:\/\/websclientesgerico.com\/godinez-legal\/wp-content\/uploads\/2026\/05\/DerechoLaboral.png\" class=\"attachment-full size-full wp-image-1102\" alt=\"\" \/>\t\t\t\t\t\t\t\t\t\t\t\t\t\t\t<\/div>\n\t\t\t\t<\/div>\n\t\t<div class=\"elementor-element elementor-element-47e3ca6 e-con-full e-flex e-con e-child\" data-id=\"47e3ca6\" data-element_type=\"container\" data-e-type=\"container\">\n\t\t\t\t<div class=\"elementor-element elementor-element-dedaa36 elementor-widget elementor-widget-heading\" data-id=\"dedaa36\" data-element_type=\"widget\" data-e-type=\"widget\" data-widget_type=\"heading.default\">\n\t\t\t\t\t<h2 class=\"elementor-heading-title elementor-size-default\">Derecho Laboral<\/h2>\t\t\t\t<\/div>\n\t\t\t\t<div class=\"elementor-element elementor-element-8035461 elementor-widget elementor-widget-text-editor\" data-id=\"8035461\" data-element_type=\"widget\" data-e-type=\"widget\" data-widget_type=\"text-editor.default\">\n\t\t\t\t\t\t\t\t\t<p>\u201cLa carga de la prueba y la prueba de indicios como medidas compensatorias de equilibrio procesal en juicios de discriminaci\u00f3n\u201dDerecho Laboral, Montevideo,\u00a0<b>Tomo LIX<\/b>, N\u00ba264, oct.-dic., 2016<\/p>\t\t\t\t\t\t\t\t<\/div>\n\t\t\t\t<div class=\"elementor-element elementor-element-f637435 elementor-align-left elementor-widget elementor-widget-button\" data-id=\"f637435\" data-element_type=\"widget\" data-e-type=\"widget\" data-widget_type=\"button.default\">\n\t\t\t\t\t\t\t\t\t\t<a class=\"elementor-button elementor-button-link elementor-size-sm\" href=\"https:\/\/websclientesgerico.com\/godinez-legal\/wp-content\/uploads\/2026\/05\/Archivo35.pdf\" target=\"_blank\">\n\t\t\t\t\t\t<span class=\"elementor-button-content-wrapper\">\n\t\t\t\t\t\t\t\t\t<span class=\"elementor-button-text\">Ver Art\u00edculo<\/span>\n\t\t\t\t\t<\/span>\n\t\t\t\t\t<\/a>\n\t\t\t\t\t\t\t\t<\/div>\n\t\t\t\t<\/div>\n\t\t\t\t<\/div>\n\t\t\t\t<div class=\"elementor-element elementor-element-34e2166 elementor-widget-divider--view-line elementor-widget elementor-widget-divider\" data-id=\"34e2166\" data-element_type=\"widget\" data-e-type=\"widget\" data-widget_type=\"divider.default\">\n\t\t\t\t\t\t\t<div class=\"elementor-divider\">\n\t\t\t<span class=\"elementor-divider-separator\">\n\t\t\t\t\t\t<\/span>\n\t\t<\/div>\n\t\t\t\t\t\t<\/div>\n\t\t<div class=\"elementor-element elementor-element-79f78a9 e-con-full e-flex e-con e-child\" data-id=\"79f78a9\" data-element_type=\"container\" data-e-type=\"container\">\n\t\t<div class=\"elementor-element elementor-element-62faca0 e-con-full e-flex e-con e-child\" data-id=\"62faca0\" data-element_type=\"container\" data-e-type=\"container\">\n\t\t\t\t<div class=\"elementor-element elementor-element-1621d7d elementor-widget elementor-widget-image\" data-id=\"1621d7d\" data-element_type=\"widget\" data-e-type=\"widget\" data-widget_type=\"image.default\">\n\t\t\t\t\t\t\t\t\t\t\t\t\t\t\t<img loading=\"lazy\" decoding=\"async\" width=\"200\" height=\"280\" src=\"https:\/\/websclientesgerico.com\/godinez-legal\/wp-content\/uploads\/2026\/05\/Anuario2016.jpg\" class=\"attachment-full size-full wp-image-1103\" alt=\"\" \/>\t\t\t\t\t\t\t\t\t\t\t\t\t\t\t<\/div>\n\t\t\t\t<\/div>\n\t\t<div class=\"elementor-element elementor-element-c20baf6 e-con-full e-flex e-con e-child\" data-id=\"c20baf6\" data-element_type=\"container\" data-e-type=\"container\">\n\t\t\t\t<div class=\"elementor-element elementor-element-f3abd47 elementor-widget elementor-widget-heading\" data-id=\"f3abd47\" data-element_type=\"widget\" data-e-type=\"widget\" data-widget_type=\"heading.default\">\n\t\t\t\t\t<h2 class=\"elementor-heading-title elementor-size-default\">Anuario 2016<\/h2>\t\t\t\t<\/div>\n\t\t\t\t<div class=\"elementor-element elementor-element-13db784 elementor-widget elementor-widget-text-editor\" data-id=\"13db784\" data-element_type=\"widget\" data-e-type=\"widget\" data-widget_type=\"text-editor.default\">\n\t\t\t\t\t\t\t\t\t<p>\u201cLas reformas laborales del 2016 en Costa Rica\u201d, en \u00d3scar Hern\u00e1ndez \u00c1lvarez (Coordinador).\u00a0<b>Academia Iberoamericana de Derecho del Trabajo y de la Seguridad Social.<\/b>\u00a0Anuario 2016. Legislaci\u00f3n Laboral Iberoamericana en el siglo XXI. Editorial Horizonte, Rep\u00fablica Bolivariana de Venezuela, 2017.<\/p>\t\t\t\t\t\t\t\t<\/div>\n\t\t\t\t<div class=\"elementor-element elementor-element-a063ed0 elementor-align-left elementor-widget elementor-widget-button\" data-id=\"a063ed0\" data-element_type=\"widget\" data-e-type=\"widget\" data-widget_type=\"button.default\">\n\t\t\t\t\t\t\t\t\t\t<a class=\"elementor-button elementor-button-link elementor-size-sm\" href=\"https:\/\/websclientesgerico.com\/godinez-legal\/wp-content\/uploads\/2026\/05\/Archivo36.pdf\" target=\"_blank\">\n\t\t\t\t\t\t<span class=\"elementor-button-content-wrapper\">\n\t\t\t\t\t\t\t\t\t<span class=\"elementor-button-text\">Ver Art\u00edculo<\/span>\n\t\t\t\t\t<\/span>\n\t\t\t\t\t<\/a>\n\t\t\t\t\t\t\t\t<\/div>\n\t\t\t\t<\/div>\n\t\t\t\t<\/div>\n\t\t\t\t<div class=\"elementor-element elementor-element-1419b26 elementor-widget-divider--view-line elementor-widget elementor-widget-divider\" data-id=\"1419b26\" data-element_type=\"widget\" data-e-type=\"widget\" data-widget_type=\"divider.default\">\n\t\t\t\t\t\t\t<div class=\"elementor-divider\">\n\t\t\t<span class=\"elementor-divider-separator\">\n\t\t\t\t\t\t<\/span>\n\t\t<\/div>\n\t\t\t\t\t\t<\/div>\n\t\t<div class=\"elementor-element elementor-element-3aa94c5 e-con-full e-flex e-con e-child\" data-id=\"3aa94c5\" data-element_type=\"container\" data-e-type=\"container\">\n\t\t<div class=\"elementor-element elementor-element-dae110d e-con-full e-flex e-con e-child\" data-id=\"dae110d\" data-element_type=\"container\" data-e-type=\"container\">\n\t\t\t\t<div class=\"elementor-element elementor-element-7c3808b elementor-widget elementor-widget-image\" data-id=\"7c3808b\" data-element_type=\"widget\" data-e-type=\"widget\" data-widget_type=\"image.default\">\n\t\t\t\t\t\t\t\t\t\t\t\t\t\t\t<img loading=\"lazy\" decoding=\"async\" width=\"200\" height=\"280\" src=\"https:\/\/websclientesgerico.com\/godinez-legal\/wp-content\/uploads\/2026\/05\/TrabajoYDerecho.jpg\" class=\"attachment-full size-full wp-image-1104\" alt=\"\" \/>\t\t\t\t\t\t\t\t\t\t\t\t\t\t\t<\/div>\n\t\t\t\t<\/div>\n\t\t<div class=\"elementor-element elementor-element-f819d93 e-con-full e-flex e-con e-child\" data-id=\"f819d93\" data-element_type=\"container\" data-e-type=\"container\">\n\t\t\t\t<div class=\"elementor-element elementor-element-acc6ed9 elementor-widget elementor-widget-heading\" data-id=\"acc6ed9\" data-element_type=\"widget\" data-e-type=\"widget\" data-widget_type=\"heading.default\">\n\t\t\t\t\t<h2 class=\"elementor-heading-title elementor-size-default\">Trabajo y Derecho<\/h2>\t\t\t\t<\/div>\n\t\t\t\t<div class=\"elementor-element elementor-element-1ff8f27 elementor-widget elementor-widget-text-editor\" data-id=\"1ff8f27\" data-element_type=\"widget\" data-e-type=\"widget\" data-widget_type=\"text-editor.default\">\n\t\t\t\t\t\t\t\t\t<p>\u00abEl trabajo organizado mediante plataformas virtuales y aplicaciones de dispositivos: trabajadores asalariados o contratistas independientes\u00bb.\u00a0<b>Trabajo y Derecho<\/b>, Wolters Kluwer, Madrid, N\u00ba54, junio, 2019.<\/p>\t\t\t\t\t\t\t\t<\/div>\n\t\t\t\t<div class=\"elementor-element elementor-element-57a1fe3 elementor-align-left elementor-widget elementor-widget-button\" data-id=\"57a1fe3\" data-element_type=\"widget\" data-e-type=\"widget\" data-widget_type=\"button.default\">\n\t\t\t\t\t\t\t\t\t\t<a class=\"elementor-button elementor-button-link elementor-size-sm\" href=\"https:\/\/websclientesgerico.com\/godinez-legal\/wp-content\/uploads\/2026\/05\/Archivo37a.pdf\" target=\"_blank\">\n\t\t\t\t\t\t<span class=\"elementor-button-content-wrapper\">\n\t\t\t\t\t\t\t\t\t<span class=\"elementor-button-text\">Ver Art\u00edculo<\/span>\n\t\t\t\t\t<\/span>\n\t\t\t\t\t<\/a>\n\t\t\t\t\t\t\t\t<\/div>\n\t\t\t\t<\/div>\n\t\t\t\t<\/div>\n\t\t\t\t<div class=\"elementor-element elementor-element-b71b122 elementor-widget-divider--view-line elementor-widget elementor-widget-divider\" data-id=\"b71b122\" data-element_type=\"widget\" data-e-type=\"widget\" data-widget_type=\"divider.default\">\n\t\t\t\t\t\t\t<div class=\"elementor-divider\">\n\t\t\t<span class=\"elementor-divider-separator\">\n\t\t\t\t\t\t<\/span>\n\t\t<\/div>\n\t\t\t\t\t\t<\/div>\n\t\t<div class=\"elementor-element elementor-element-00d462b e-con-full e-flex e-con e-child\" data-id=\"00d462b\" data-element_type=\"container\" data-e-type=\"container\">\n\t\t<div class=\"elementor-element elementor-element-1b03578 e-con-full e-flex e-con e-child\" data-id=\"1b03578\" data-element_type=\"container\" data-e-type=\"container\">\n\t\t\t\t<div class=\"elementor-element elementor-element-92d512b elementor-widget elementor-widget-image\" data-id=\"92d512b\" data-element_type=\"widget\" data-e-type=\"widget\" data-widget_type=\"image.default\">\n\t\t\t\t\t\t\t\t\t\t\t\t\t\t\t<img loading=\"lazy\" decoding=\"async\" width=\"200\" height=\"280\" src=\"https:\/\/websclientesgerico.com\/godinez-legal\/wp-content\/uploads\/2026\/05\/TrabajoYDerecho-01.jpg\" class=\"attachment-full size-full wp-image-1105\" alt=\"\" \/>\t\t\t\t\t\t\t\t\t\t\t\t\t\t\t<\/div>\n\t\t\t\t<\/div>\n\t\t<div class=\"elementor-element elementor-element-e071b2e e-con-full e-flex e-con e-child\" data-id=\"e071b2e\" data-element_type=\"container\" data-e-type=\"container\">\n\t\t\t\t<div class=\"elementor-element elementor-element-5d3f33d elementor-widget elementor-widget-heading\" data-id=\"5d3f33d\" data-element_type=\"widget\" data-e-type=\"widget\" data-widget_type=\"heading.default\">\n\t\t\t\t\t<h2 class=\"elementor-heading-title elementor-size-default\">Anuario 2018<\/h2>\t\t\t\t<\/div>\n\t\t\t\t<div class=\"elementor-element elementor-element-dc202cb elementor-widget elementor-widget-text-editor\" data-id=\"dc202cb\" data-element_type=\"widget\" data-e-type=\"widget\" data-widget_type=\"text-editor.default\">\n\t\t\t\t\t\t\t\t\t<p>\u201cLa evoluci\u00f3n legislativa y jurisprudencial en Costa Rica durante el 2018: la influencia del d\u00e9ficit fiscal\u201d, en \u00d3scar Hern\u00e1ndez \u00c1lvarez (Coordinador).\u00a0<b>Academia Iberoamericana de Derecho del Trabajo y de la Seguridad Social<\/b>. Anuario 2018. Legislaci\u00f3n Laboral Iberoamericana en el siglo XXI. Editorial Horizonte, Rep\u00fablica Bolivariana de Venezuela, octubre 2019.<\/p>\t\t\t\t\t\t\t\t<\/div>\n\t\t\t\t<div class=\"elementor-element elementor-element-84e7bd6 elementor-align-left elementor-widget elementor-widget-button\" data-id=\"84e7bd6\" data-element_type=\"widget\" data-e-type=\"widget\" data-widget_type=\"button.default\">\n\t\t\t\t\t\t\t\t\t\t<a class=\"elementor-button elementor-button-link elementor-size-sm\" href=\"https:\/\/websclientesgerico.com\/godinez-legal\/wp-content\/uploads\/2026\/05\/Archivo37b.pdf\" target=\"_blank\">\n\t\t\t\t\t\t<span class=\"elementor-button-content-wrapper\">\n\t\t\t\t\t\t\t\t\t<span class=\"elementor-button-text\">Ver Art\u00edculo<\/span>\n\t\t\t\t\t<\/span>\n\t\t\t\t\t<\/a>\n\t\t\t\t\t\t\t\t<\/div>\n\t\t\t\t<\/div>\n\t\t\t\t<\/div>\n\t\t\t\t<div class=\"elementor-element elementor-element-fe25219 elementor-widget-divider--view-line elementor-widget elementor-widget-divider\" data-id=\"fe25219\" data-element_type=\"widget\" data-e-type=\"widget\" data-widget_type=\"divider.default\">\n\t\t\t\t\t\t\t<div class=\"elementor-divider\">\n\t\t\t<span class=\"elementor-divider-separator\">\n\t\t\t\t\t\t<\/span>\n\t\t<\/div>\n\t\t\t\t\t\t<\/div>\n\t\t<div class=\"elementor-element elementor-element-3ad580e e-con-full e-flex e-con e-child\" data-id=\"3ad580e\" data-element_type=\"container\" data-e-type=\"container\">\n\t\t<div class=\"elementor-element elementor-element-44ae0f1 e-con-full e-flex e-con e-child\" data-id=\"44ae0f1\" data-element_type=\"container\" data-e-type=\"container\">\n\t\t\t\t<div class=\"elementor-element elementor-element-c1d16b9 elementor-widget elementor-widget-image\" data-id=\"c1d16b9\" data-element_type=\"widget\" data-e-type=\"widget\" data-widget_type=\"image.default\">\n\t\t\t\t\t\t\t\t\t\t\t\t\t\t\t<img loading=\"lazy\" decoding=\"async\" width=\"200\" height=\"280\" src=\"https:\/\/websclientesgerico.com\/godinez-legal\/wp-content\/uploads\/2026\/05\/RevistaSalaSegunda.jpg\" class=\"attachment-full size-full wp-image-1106\" alt=\"\" \/>\t\t\t\t\t\t\t\t\t\t\t\t\t\t\t<\/div>\n\t\t\t\t<\/div>\n\t\t<div class=\"elementor-element elementor-element-6b63041 e-con-full e-flex e-con e-child\" data-id=\"6b63041\" data-element_type=\"container\" data-e-type=\"container\">\n\t\t\t\t<div class=\"elementor-element elementor-element-467d84d elementor-widget elementor-widget-heading\" data-id=\"467d84d\" data-element_type=\"widget\" data-e-type=\"widget\" data-widget_type=\"heading.default\">\n\t\t\t\t\t<h2 class=\"elementor-heading-title elementor-size-default\">Revista de la Sala Segunda<\/h2>\t\t\t\t<\/div>\n\t\t\t\t<div class=\"elementor-element elementor-element-44b906c elementor-widget elementor-widget-text-editor\" data-id=\"44b906c\" data-element_type=\"widget\" data-e-type=\"widget\" data-widget_type=\"text-editor.default\">\n\t\t\t\t\t\t\t\t\t<p>\u201cEl Despido Disciplinario por p\u00e9rdida de confianza: gravedad y culpabilidad del incumplimiento\u00bb.\u00a0Revista de la Sala Segunda N18 ISSN &#8211; 2215-3551.\u00a0<b>Corte Suprema de Justicia<\/b>.<\/p>\t\t\t\t\t\t\t\t<\/div>\n\t\t\t\t<div class=\"elementor-element elementor-element-da30173 elementor-align-left elementor-widget elementor-widget-button\" data-id=\"da30173\" data-element_type=\"widget\" data-e-type=\"widget\" data-widget_type=\"button.default\">\n\t\t\t\t\t\t\t\t\t\t<a class=\"elementor-button elementor-button-link elementor-size-sm\" href=\"https:\/\/websclientesgerico.com\/godinez-legal\/wp-content\/uploads\/2026\/05\/Archivo38.pdf\" target=\"_blank\">\n\t\t\t\t\t\t<span class=\"elementor-button-content-wrapper\">\n\t\t\t\t\t\t\t\t\t<span class=\"elementor-button-text\">Ver Art\u00edculo<\/span>\n\t\t\t\t\t<\/span>\n\t\t\t\t\t<\/a>\n\t\t\t\t\t\t\t\t<\/div>\n\t\t\t\t<\/div>\n\t\t\t\t<\/div>\n\t\t\t\t\t<\/div>\n\t\t\t\t<\/div>\n\t\t\t\t<\/div>\n\t\t","protected":false},"excerpt":{"rendered":"<p>Anuario 2013 En God\u00ednez Legal estamos listos para ofrecerte la asesor\u00eda legal m\u00e1s especializada en Derecho Laboral y de la Seguridad Social. Si deseas m\u00e1s informaci\u00f3n o necesitas asistencia legal, completa el siguiente formulario y uno de nuestros expertos se pondr\u00e1 en contacto contigo. Ver Art\u00edculo Anuario 2015. Legislaci\u00f3n Laboral Iberoamericana en el siglo XXI [&hellip;]<\/p>\n","protected":false},"author":1,"featured_media":0,"parent":0,"menu_order":0,"comment_status":"closed","ping_status":"closed","template":"elementor_header_footer","meta":{"footnotes":""},"class_list":["post-1058","page","type-page","status-publish","hentry"],"_links":{"self":[{"href":"https:\/\/websclientesgerico.com\/godinez-legal\/wp-json\/wp\/v2\/pages\/1058","targetHints":{"allow":["GET"]}}],"collection":[{"href":"https:\/\/websclientesgerico.com\/godinez-legal\/wp-json\/wp\/v2\/pages"}],"about":[{"href":"https:\/\/websclientesgerico.com\/godinez-legal\/wp-json\/wp\/v2\/types\/page"}],"author":[{"embeddable":true,"href":"https:\/\/websclientesgerico.com\/godinez-legal\/wp-json\/wp\/v2\/users\/1"}],"replies":[{"embeddable":true,"href":"https:\/\/websclientesgerico.com\/godinez-legal\/wp-json\/wp\/v2\/comments?post=1058"}],"version-history":[{"count":10,"href":"https:\/\/websclientesgerico.com\/godinez-legal\/wp-json\/wp\/v2\/pages\/1058\/revisions"}],"predecessor-version":[{"id":1618,"href":"https:\/\/websclientesgerico.com\/godinez-legal\/wp-json\/wp\/v2\/pages\/1058\/revisions\/1618"}],"wp:attachment":[{"href":"https:\/\/websclientesgerico.com\/godinez-legal\/wp-json\/wp\/v2\/media?parent=1058"}],"curies":[{"name":"wp","href":"https:\/\/api.w.org\/{rel}","templated":true}]}}